{"id":33530,"date":"2018-02-15T16:06:16","date_gmt":"2018-02-15T15:06:16","guid":{"rendered":"https:\/\/www.euris.com\/consulting\/"},"modified":"2021-03-11T17:35:30","modified_gmt":"2021-03-11T16:35:30","slug":"cloud-sante-conseil","status":"publish","type":"page","link":"https:\/\/www.euris.com\/fr\/cloud-sante-conseil\/","title":{"rendered":"Consulting esante digital data"},"content":{"rendered":"<div class=\"wpb-content-wrapper\"><p>[vc_row full_width=\u00a0\u00bbstretch_row\u00a0\u00bb content_placement=\u00a0\u00bbmiddle\u00a0\u00bb el_id=\u00a0\u00bbrow-1&Prime; css=\u00a0\u00bb.vc_custom_1570717770853{padding-top: 160px !important;padding-bottom: 130px !important;}\u00a0\u00bb][vc_column][vc_single_image image=\u00a0\u00bb44334&Prime; img_size=\u00a0\u00bblarge\u00a0\u00bb alignment=\u00a0\u00bbcenter\u00a0\u00bb css_animation=\u00a0\u00bbslideInUp\u00a0\u00bb][\/vc_column][\/vc_row][vc_row full_width=\u00a0\u00bbstretch_row\u00a0\u00bb el_id=\u00a0\u00bbrow-2&Prime; css=\u00a0\u00bb.vc_custom_1570717829803{padding-top: 50px !important;padding-bottom: 50px !important;background-color: #f7f7f7 !important;}\u00a0\u00bb][vc_column][vc_column_text]<\/p>\n<h1 style=\"text-align: center;\"><span style=\"color: #ffffff;\"><span style=\"color: #333333;\">D\u00e9couvrez notre r\u00e9seau d\u2019experts m\u00e9tier pour vous accompagner dans vos projets de transformations digitales sant\u00e9, en France comme \u00e0 l\u2019International<br \/>\n<\/span><\/span><\/h1>\n<p>[\/vc_column_text]<style type=\"text\/css\">.thegem-button-69f2f160ad0258213 .gem-button svg {fill: #0099ff;}.thegem-button-69f2f160ad0258213 .gem-button:hover svg {fill: #ffffff;}<\/style><div class=\"gem-button-container gem-button-position-center thegem-button-69f2f160ad0258213    \"  ><a class=\"gem-button gem-button-size-medium gem-button-style-outline gem-button-text-weight-normal gem-button-border-2\" data-ll-effect=\"drop-right-without-wrap\" style=\"border-radius: 3px;border-color: #0099ff;color: #0099ff;\" onmouseleave=\"this.style.borderColor='#0099ff';this.style.backgroundColor='transparent';this.style.color='#0099ff';\" onmouseenter=\"this.style.backgroundColor='#0099ff';this.style.color='#ffffff';\" href=\"https:\/\/www.euris.com\/fr\/contact\/\" target=\"_self\">J&#039;AI UN PROJET<\/a><\/div> [\/vc_column][\/vc_row][vc_row full_width=\u00a0\u00bbstretch_row\u00a0\u00bb equal_height=\u00a0\u00bbyes\u00a0\u00bb content_placement=\u00a0\u00bbmiddle\u00a0\u00bb el_id=\u00a0\u00bbrow-3&Prime; css=\u00a0\u00bb.vc_custom_1570718017911{padding-top: 50px !important;padding-bottom: 50px !important;}\u00a0\u00bb][vc_column width=\u00a0\u00bb1\/2&Prime;][vc_column_text]<\/p>\n<h2 style=\"text-align: center;\">DATA \/ CONFORMIT\u00c9 \/ DIGITAL<\/h2>\n<p>[\/vc_column_text][vc_column_text]<\/p>\n<p style=\"text-align: center;\">Vous souhaitez \u00eatre conseiller dans votre strat\u00e9gie business e-sant\u00e9 et dans le d\u00e9veloppement d\u2019innovations sant\u00e9 (produits et technologies) ? Vous avez besoin d\u2019\u00eatre accompagner dans la mise en conformit\u00e9 r\u00e9glementaire ? Nos consultants ont l\u2019exp\u00e9rience et l\u2019expertise pouvant r\u00e9pondre \u00e0 vos besoins particuliers:\u00a0 industrie pharmaceutique, biotech, recherche clinique, startup esant\u00e9,\u00a0 \u2026<\/p>\n<p>[\/vc_column_text][\/vc_column][vc_column width=\u00a0\u00bb1\/2&Prime;][vc_single_image image=\u00a0\u00bb59230&Prime; img_size=\u00a0\u00bbfull\u00a0\u00bb alignment=\u00a0\u00bbcenter\u00a0\u00bb][\/vc_column][\/vc_row][vc_row full_width=\u00a0\u00bbstretch_row\u00a0\u00bb gap=\u00a0\u00bb10&Prime; equal_height=\u00a0\u00bbyes\u00a0\u00bb css=\u00a0\u00bb.vc_custom_1615480317697{padding-top: 40px !important;background-color: #f7f7f7 !important;}\u00a0\u00bb][vc_column width=\u00a0\u00bb1\/4&Prime; css=\u00a0\u00bb.vc_custom_1554905044709{background-color: #ffffff !important;border-radius: 35px !important;}\u00a0\u00bb][vc_single_image image=\u00a0\u00bb36255&Prime; alignment=\u00a0\u00bbcenter\u00a0\u00bb style=\u00a0\u00bbvc_box_border_circle\u00a0\u00bb][vc_column_text]<\/p>\n<h5 style=\"text-align: center;\"><span style=\"color: #0ea6db;\">ALAIN PUJOL<\/span><\/h5>\n<p>[\/vc_column_text][vc_column_text]<\/p>\n<h6 style=\"text-align: center; font-size: 15px;\">Managing Partner, APHC Consulting<\/h6>\n<p>[\/vc_column_text][vc_column_text el_class=\u00a0\u00bbtxt-conseil\u00a0\u00bb]Apr\u00e8s plus de 20 ans d\u2019exp\u00e9rience op\u00e9rationnelle business (industrie pharmaceutique et biotech), Alain accompagne ses clients du domaine de la sant\u00e9, au sens large, sur le d\u00e9veloppement de leurs innovations tant produits que technologiques.[\/vc_column_text][vc_column_text]<\/p>\n<p style=\"text-align: center;\"><a href=\"mailto:alain.pujol@aphc-consulting.com\"><span style=\"color: #0ea6db;\">alain.pujol@aphc-consulting.com<\/span><\/a><\/p>\n<p>[\/vc_column_text][vc_column_text]<\/p>\n<p style=\"text-align: center;\">+33 (0)6 76 29 18 70<\/p>\n<p>[\/vc_column_text][\/vc_column][vc_column width=\u00a0\u00bb1\/4&Prime; css=\u00a0\u00bb.vc_custom_1554905500775{background-color: #ffffff !important;border-radius: 35px !important;}\u00a0\u00bb][vc_single_image image=\u00a0\u00bb36257&Prime; alignment=\u00a0\u00bbcenter\u00a0\u00bb style=\u00a0\u00bbvc_box_border_circle\u00a0\u00bb][vc_column_text]<\/p>\n<h5 style=\"text-align: center;\"><span style=\"color: #0ea6db;\">ARNAUD LAMBERT<\/span><\/h5>\n<p>[\/vc_column_text][vc_column_text]<\/p>\n<h6 style=\"text-align: center; font-size: 15px;\">Managing director, AllCare<\/h6>\n<p>[\/vc_column_text][vc_column_text el_class=\u00a0\u00bbtxt-conseil\u00a0\u00bb]Arnaud a travaill\u00e9 dans le domaine de l\u2019Assurance Sant\u00e9 et de l\u2019Assistance. Il a d\u00e9velopp\u00e9 des programmes de Disease Management pour des payeurs publics et priv\u00e9s en France comme \u00e0 l\u2019international. Il a mis en place le syst\u00e8me Sofia (diab\u00e8te) pour la Caisse Nationale d\u2019Assurance Maladie. Il accompagne notamment ses clients sur des sujets de gestion des facteurs de risque et de la maladie sur la base d\u2019objets connect\u00e9s.[\/vc_column_text][vc_column_text]<\/p>\n<p style=\"text-align: center;\"><a href=\"mailto:arnaud.lambert@allcare.fr\"><span style=\"color: #0ea6db;\">arnaud.lambert@allcare.fr<\/span><\/a><\/p>\n<p>[\/vc_column_text][vc_column_text]<\/p>\n<p style=\"text-align: center;\">+33 (0)6 88 28 44 32<\/p>\n<p>[\/vc_column_text][\/vc_column][vc_column width=\u00a0\u00bb1\/4&Prime; css=\u00a0\u00bb.vc_custom_1554905551424{background-color: #ffffff !important;border-radius: 35px !important;}\u00a0\u00bb][vc_single_image image=\u00a0\u00bb36267&Prime; alignment=\u00a0\u00bbcenter\u00a0\u00bb style=\u00a0\u00bbvc_box_border_circle\u00a0\u00bb][vc_column_text]<\/p>\n<h5 style=\"text-align: center;\"><span style=\"color: #0ea6db;\">NATHALIE BESLAY<\/span><\/h5>\n<p>[\/vc_column_text][vc_column_text]<\/p>\n<h6 style=\"text-align: center; font-size: 15px;\">Avocate sp\u00e9cialis\u00e9e en e-sant\u00e9<\/h6>\n<p>[\/vc_column_text][vc_column_text el_class=\u00a0\u00bbtxt-conseil\u00a0\u00bb]Dirige les comp\u00e9tences juridiques et judiciaires du cabinet int\u00e9grant la connaissance de l\u2019environnement r\u00e9glementaire, \u00e9conomique et technologique du secteur de la sant\u00e9, sur la base de m\u00e9thodologies de conduite juridique de projet, d\u2019architecture contractuelle, de parcours r\u00e9glementaire, de gestion des risques et de strat\u00e9gies de d\u00e9fense r\u00e9alistes et op\u00e9rationnelles.[\/vc_column_text][vc_column_text]<\/p>\n<p style=\"text-align: center;\"><a href=\"mailto:nathalie@beslay.net\"><span style=\"color: #0ea6db;\">nathalie@beslay.net<\/span><\/a><\/p>\n<p>[\/vc_column_text][vc_column_text]<\/p>\n<p style=\"text-align: center;\">+33 (0)1 84 79 00 90<\/p>\n<p>[\/vc_column_text][\/vc_column][vc_column width=\u00a0\u00bb1\/4&Prime; css=\u00a0\u00bb.vc_custom_1615479919728{background-color: #ffffff !important;border-radius: 35px !important;}\u00a0\u00bb][vc_single_image image=\u00a0\u00bb36265&Prime; alignment=\u00a0\u00bbcenter\u00a0\u00bb style=\u00a0\u00bbvc_box_border_circle\u00a0\u00bb][vc_column_text]<\/p>\n<h5 style=\"text-align: center;\"><span style=\"color: #0ea6db;\">ISABELLE ZABLIT-SCHMITZ<\/span><\/h5>\n<p>[\/vc_column_text][vc_column_text]<\/p>\n<h6 style=\"text-align: center; font-size: 15px;\">Pr\u00e9sidente, CLAVESIS<\/h6>\n<p>[\/vc_column_text][vc_column_text el_class=\u00a0\u00bbtxt-conseil3&Prime;]Isabelle Zablit-Schmitz est consultante en strat\u00e9gie et accompagnement de la transformation digitale sp\u00e9cialis\u00e9e en sant\u00e9 num\u00e9rique (mutualisation des syst\u00e8mes d\u2019information, data et silver \u00e9conomie). Elle a co-fond\u00e9 WELLFUNDR, 1\u00e8re plate-forme de crowdfunding d\u00e9di\u00e9e \u00e0 la sant\u00e9 en France. Elle a \u00e9t\u00e9 Business Development Executive IBM, y a mont\u00e9 l\u2019offre d\u2019h\u00e9bergement des donn\u00e9es de sant\u00e9 en France, Outsourcing Business Development Leader IBM Europe du Sud, coach de la strat\u00e9gie des deals majeurs en Europe, Leader de la practice Shared Services, Consultante PwC Management Consulting et Business Controller chez Tenneco Automotive Europe et Inter-B\u00e9ton (Holcim).[\/vc_column_text][vc_column_text]<\/p>\n<p style=\"text-align: center;\"><a href=\"mailto:isabelle.zablit@gmail.com\"><span style=\"color: #0ea6db;\">isabelle.zablit@gmail.com<\/span><\/a><\/p>\n<p>[\/vc_column_text][vc_column_text]<\/p>\n<p style=\"text-align: center;\">+33 (0)6 10 14 98 79<\/p>\n<p>[\/vc_column_text][\/vc_column][\/vc_row][vc_row full_width=\u00a0\u00bbstretch_row\u00a0\u00bb gap=\u00a0\u00bb10&Prime; equal_height=\u00a0\u00bbyes\u00a0\u00bb css=\u00a0\u00bb.vc_custom_1615480420091{padding-top: 20px !important;padding-bottom: 40px !important;background-color: #f7f7f7 !important;}\u00a0\u00bb][vc_column width=\u00a0\u00bb1\/4&Prime; css=\u00a0\u00bb.vc_custom_1554905044709{background-color: #ffffff !important;border-radius: 35px !important;}\u00a0\u00bb][vc_single_image image=\u00a0\u00bb36269&Prime; alignment=\u00a0\u00bbcenter\u00a0\u00bb style=\u00a0\u00bbvc_box_border_circle\u00a0\u00bb][vc_column_text]<\/p>\n<h5 style=\"text-align: center;\"><span style=\"color: #0ea6db;\">PASCAL BECACHE<\/span><\/h5>\n<p>[\/vc_column_text][vc_column_text]<\/p>\n<h6 style=\"text-align: center; font-size: 15px;\">Pr\u00e9sident, PBS<\/h6>\n<p>[\/vc_column_text][vc_column_text el_class=\u00a0\u00bbtxt-conseil2&Prime;]Apr\u00e8s IBM, Pascal a rejoint IMS Health o\u00f9 il a exerc\u00e9 des missions nombreuses et vari\u00e9es pour les industries de sant\u00e9, et o\u00f9 il a acquis une expertise fine de l\u2019\u00e9conomie de la sant\u00e9 et de ses d\u00e9fis. Il a \u00e9galement conduit des projets de transformation num\u00e9rique en interne et pour ses clients, en tant que DGA d\u2019IMS. Il a r\u00e9cemment fond\u00e9 PBS et, entour\u00e9 d\u2019un r\u00e9seau de consultants tr\u00e8s sp\u00e9cialis\u00e9s, il se focalise sur le conseil et la strat\u00e9gie op\u00e9rationnelle notamment le market access, la strat\u00e9gie officinale et hospitali\u00e8re, et les \u00e9volutions num\u00e9riques qui vont avec.[\/vc_column_text][vc_column_text]<\/p>\n<p style=\"text-align: center;\"><a href=\"mailto:pbecache@icloud.com\"><span style=\"color: #0ea6db;\">pbecache@icloud.com<\/span><\/a><\/p>\n<p>[\/vc_column_text][vc_column_text]<\/p>\n<p style=\"text-align: center;\">+33 (0)6 88 38 74 85<\/p>\n<p>[\/vc_column_text][\/vc_column][vc_column width=\u00a0\u00bb1\/4&Prime; css=\u00a0\u00bb.vc_custom_1554905500775{background-color: #ffffff !important;border-radius: 35px !important;}\u00a0\u00bb][vc_single_image image=\u00a0\u00bb36259&Prime; alignment=\u00a0\u00bbcenter\u00a0\u00bb style=\u00a0\u00bbvc_box_border_circle\u00a0\u00bb][vc_column_text]<\/p>\n<h5 style=\"text-align: center;\"><span style=\"color: #0ea6db;\">DIMITRI STAMATIADIS<\/span><\/h5>\n<p>[\/vc_column_text][vc_column_text]<\/p>\n<h6 style=\"text-align: center; font-size: 15px;\">Fondateur et PDG MAIA Consulting<\/h6>\n<p>[\/vc_column_text][vc_column_text el_class=\u00a0\u00bbtxt-conseil2&Prime;]Dimitri a plus de 25 ans d\u2019exp\u00e9rience dans le domaine de la sant\u00e9, ayant travaill\u00e9 pour l\u2019industrie pharmaceutique et des soci\u00e9t\u00e9s de recherche clinique en Europe et aux Etats Unis. Il a particip\u00e9 tr\u00e8s t\u00f4t \u00e0 l\u2019introduction de nouvelles technologies dans la R&amp;D pharmaceutique et a acquis une exp\u00e9rience de premier ordre dans le d\u00e9ploiement de syst\u00e8mes aidant la performance dans des soci\u00e9t\u00e9s de diff\u00e9rentes tailles.[\/vc_column_text][vc_column_text]<\/p>\n<p style=\"text-align: center;\"><a href=\"mailto:dimitri@maiaconsulting.eu\"><span style=\"color: #0ea6db;\">dimitri@maiaconsulting.eu<\/span><\/a><\/p>\n<p>[\/vc_column_text][vc_column_text]<\/p>\n<p style=\"text-align: center;\">+41 79 593 33 24<\/p>\n<p>[\/vc_column_text][\/vc_column][vc_column width=\u00a0\u00bb1\/4&Prime; css=\u00a0\u00bb.vc_custom_1554905551424{background-color: #ffffff !important;border-radius: 35px !important;}\u00a0\u00bb][vc_single_image image=\u00a0\u00bb36261&Prime; alignment=\u00a0\u00bbcenter\u00a0\u00bb style=\u00a0\u00bbvc_box_border_circle\u00a0\u00bb][vc_column_text]<\/p>\n<h5 style=\"text-align: center;\"><span style=\"color: #0ea6db;\">\u00c9RIC SOUDY<\/span><\/h5>\n<p>[\/vc_column_text][vc_column_text]<\/p>\n<h6 style=\"text-align: center; font-size: 12px;\">Sp\u00e9cialiste Qualit\u00e9 et s\u00e9curit\u00e9 des SI de Sant\u00e9<\/h6>\n<p>[\/vc_column_text][vc_column_text el_class=\u00a0\u00bbtxt-conseil2&Prime;]\u00c9ric a travaill\u00e9 pour un grand groupe fran\u00e7ais de la sant\u00e9 en tant que responsable du r\u00e9f\u00e9rentiel des bonnes pratiques et des processus m\u00e9tiers (CMMI\/ITIL\/ISO9001), du d\u00e9ploiement et de l\u2019am\u00e9lioration des processus et de la politique s\u00e9curit\u00e9 du SI (ISO 27001). \u00c9ric est concepteur du r\u00e9f\u00e9rentiel de processus int\u00e9gr\u00e9 en particulier dans le cadre du programme de certification (HADS). Il contribue activement au sein d\u2019associations professionnelles comme l\u2019AFHADS.[\/vc_column_text][vc_column_text]<\/p>\n<p style=\"text-align: center;\"><a href=\"mailto:eric.soudy@artsetstrateges.com\"><span style=\"color: #0ea6db;\">eric.soudy@artsetstrateges.com<\/span><\/a><\/p>\n<p>[\/vc_column_text][vc_column_text]<\/p>\n<p style=\"text-align: center;\">+33 (0)6 95 12 35 06<\/p>\n<p>[\/vc_column_text][\/vc_column][vc_column width=\u00a0\u00bb1\/4&Prime; css=\u00a0\u00bb.vc_custom_1615479906815{background-color: #ffffff !important;border-radius: 35px !important;}\u00a0\u00bb][vc_single_image image=\u00a0\u00bb36263&Prime; alignment=\u00a0\u00bbcenter\u00a0\u00bb style=\u00a0\u00bbvc_box_border_circle\u00a0\u00bb][vc_column_text]<\/p>\n<h5 style=\"text-align: center;\"><span style=\"color: #0ea6db;\">FABIEN PEZOUS<\/span><\/h5>\n<p>[\/vc_column_text][vc_column_text]<\/p>\n<h6 style=\"text-align: center; font-size: 15px;\">Business Manager, Caduceum<\/h6>\n<p>[\/vc_column_text][vc_column_text el_class=\u00a0\u00bbtxt-conseil3&Prime;]Responsable du d\u00e9veloppement Ile de France, Caduceum Consultant dans les domaines de l\u2019industrie pharmaceutique et cosm\u00e9tique et des dispositifs m\u00e9dicaux. CaduCeum est reconnu comme le sp\u00e9cialiste du conseil aux industriels du secteur de la sant\u00e9. Cette pr\u00e9cieuse reconnaissance acquise aupr\u00e8s de ses clients et de ses collaborateurs, se cultive quotidiennement par un engagement bas\u00e9 sur un triptyque fondamental SAVOIR-FAIRE, SAVOIR-ETRE, SAVOIR FAIRE-FAIRE[\/vc_column_text][vc_column_text]<\/p>\n<p style=\"text-align: center;\"><a href=\"mailto:fabien.pezous@caduceum.fr\"><span style=\"color: #0ea6db;\">fabien.pezous@caduceum.fr<\/span><\/a><\/p>\n<p>[\/vc_column_text][vc_column_text]<\/p>\n<p style=\"text-align: center;\">+33 (0)6 82 31 50 52<\/p>\n<p>[\/vc_column_text][\/vc_column][\/vc_row][vc_row full_width=\u00a0\u00bbstretch_row\u00a0\u00bb equal_height=\u00a0\u00bbyes\u00a0\u00bb content_placement=\u00a0\u00bbmiddle\u00a0\u00bb css=\u00a0\u00bb.vc_custom_1570718181498{padding-top: 20px !important;padding-bottom: 35px !important;}\u00a0\u00bb el_id=\u00a0\u00bbrow-4&Prime;][vc_column]<style type=\"text\/css\">.thegem-button-69f2f160ad0b12878 .gem-button svg {fill: #ffffff;}.thegem-button-69f2f160ad0b12878 .gem-button:hover svg {fill: #0099ff;}<\/style><div class=\"gem-button-container gem-button-position-center thegem-button-69f2f160ad0b12878    \"  ><a class=\"gem-button gem-button-size-large gem-button-style-outline gem-button-text-weight-normal gem-button-border-2\" data-ll-effect=\"drop-right-without-wrap\" style=\"border-radius: 3px;border-color: #ffffff;color: #ffffff;\" onmouseleave=\"this.style.borderColor='#ffffff';this.style.backgroundColor='transparent';this.style.color='#ffffff';\" onmouseenter=\"this.style.backgroundColor='#ffffff';this.style.color='#0099ff';\" href=\"https:\/\/www.euris.com\/fr\/contact\/\" target=\"_self\">CONTACTEZ-NOUS<\/a><\/div> [\/vc_column][\/vc_row][vc_row][vc_column][vc_raw_js]JTNDc2NyaXB0JTIwc3JjJTNEJTIyaHR0cHMlM0ElMkYlMkZzdGF0aWMubGFuZGJvdC5pbyUyRmxhbmRib3Qtd2lkZ2V0JTJGbGFuZGJvdC13aWRnZXQtMS4wLjAuanMlMjIlM0UlM0MlMkZzY3JpcHQlM0UlMEElM0NzY3JpcHQlM0UlMEElMjAlMjB2YXIlMjBteUxhbmRib3QlMjAlM0QlMjBuZXclMjBMYW5kYm90TGl2ZWNoYXQlMjglN0IlMEElMjAlMjAlMjAlMjBpbmRleCUzQSUyMCUyN2h0dHBzJTNBJTJGJTJGbGFuZGJvdC5pbyUyRnUlMkZILTMxNDgxNC1RUDlDTkpYNzdaNkI5RFZPJTJGaW5kZXguaHRtbCUyNyUyQyUwQSUyMCUyMCU3RCUyOSUzQiUwQSUzQyUyRnNjcmlwdCUzRSUzQ3NjcmlwdCUzRSUwQSUyMCUyMCUyRiUyRiUyMFNob3clMjBhJTIwcHJvYWN0aXZlJTIwbWVzc2FnZSUyMGFmdGVyJTIwMTUlMjBzZWNvbmRzJTBBJTIwJTIwc2V0VGltZW91dCUyOGZ1bmN0aW9uJTI4JTI5JTIwJTdCJTBBJTIwJTIwJTIwJTIwbXlMYW5kYm90LnNlbmRQcm9hY3RpdmUlMjglN0IlMEElMjAlMjAlMjJtZXNzYWdlJTIyJTNBJTIwJTIyQm9uam91ciUyQyUyMHZvdXMlMjAlQzMlQUF0ZXMlMjBpbnQlQzMlQTlyZXNzJUMzJUE5cyUyMHBhciUyMGxlcyUyMHNvbHV0aW9ucyUyMENsb3VkJTIwU2FudCVDMyVBOSUyMCUzRiUyMiUyQyUwQSUyMCUyMCUyMmF1dGhvciUyMiUzQSUyMCUyMkV1cmlzJTIyJTJDJTBBJTIwJTIwJTIyYXZhdGFyJTIyJTNBJTIwJTIyaHR0cHMlM0ElMkYlMkZzdG9yYWdlLmdvb2dsZWFwaXMuY29tJTJGbWVkaWEuaGVsbG91bWkuY29tJTJGNTk4NDQlMkZjaGFubmVscyUyRk5WUTI0WjROQThaQU9FTDBDSDNBVThaU0Q2SjFFWExKLnBuZyUyMiUyQyUwQSUyMCUyMCUyMmV4dHJhJTIyJTNBJTIwJTdCJTBBJTIwJTIwJTIwJTIwJTIyaGlkZV90ZXh0Ym94JTIyJTNBJTIwdHJ1ZSUwQSUyMCUyMCU3RCUwQSU3RCUyOSUzQiUwQSUyMCUyMCU3RCUyQyUyMDE1MDAwJTI5JTNCJTBBJTNDJTJGc2NyaXB0JTNF[\/vc_raw_js][\/vc_column][\/vc_row]<\/p>\n<\/div>","protected":false},"excerpt":{"rendered":"<p>[vc_row full_width=\u00a0\u00bbstretch_row\u00a0\u00bb content_placement=\u00a0\u00bbmiddle\u00a0\u00bb el_id=\u00a0\u00bbrow-1&Prime; css=\u00a0\u00bb.vc_custom_1570717770853{padding-top: 160px !important;padding-bottom: 130px !important;}\u00a0\u00bb][vc_column][vc_single_image image=\u00a0\u00bb44334&Prime; img_size=\u00a0\u00bblarge\u00a0\u00bb alignment=\u00a0\u00bbcenter\u00a0\u00bb css_animation=\u00a0\u00bbslideInUp\u00a0\u00bb][\/vc_column][\/vc_row][vc_row full_width=\u00a0\u00bbstretch_row\u00a0\u00bb el_id=\u00a0\u00bbrow-2&Prime; css=\u00a0\u00bb.vc_custom_1570717829803{padding-top: 50px !important;padding-bottom: 50px !important;background-color: #f7f7f7 !important;}\u00a0\u00bb][vc_column][vc_column_text] D\u00e9couvrez notre r\u00e9seau d\u2019experts m\u00e9tier pour vous accompagner dans vos projets de transformations digitales sant\u00e9, en France comme \u00e0 l\u2019International [\/vc_column_text][\/vc_column][\/vc_row][vc_row full_width=\u00a0\u00bbstretch_row\u00a0\u00bb equal_height=\u00a0\u00bbyes\u00a0\u00bb content_placement=\u00a0\u00bbmiddle\u00a0\u00bb el_id=\u00a0\u00bbrow-3&Prime; css=\u00a0\u00bb.vc_custom_1570718017911{padding-top: 50px !important;padding-bottom: 50px !important;}\u00a0\u00bb][vc_column width=\u00a0\u00bb1\/2&Prime;][vc_column_text] DATA \/ CONFORMIT\u00c9 \/ DIGITAL [\/vc_column_text][vc_column_text] Vous souhaitez \u00eatre conseiller dans votre strat\u00e9gie business e-sant\u00e9 et dans le d\u00e9veloppement d\u2019innovations sant\u00e9 (produits et technologies) ? Vous avez besoin d\u2019\u00eatre accompagner dans la mise en conformit\u00e9 r\u00e9glementaire ? Nos consultants ont l\u2019exp\u00e9rience et l\u2019expertise pouvant r\u00e9pondre \u00e0 vos besoins particuliers:\u00a0 industrie pharmaceutique, biotech, recherche clinique, startup esant\u00e9,\u00a0 \u2026 [\/vc_column_text][\/vc_column][vc_column width=\u00a0\u00bb1\/2&Prime;][vc_single_image image=\u00a0\u00bb59230&Prime; img_size=\u00a0\u00bbfull\u00a0\u00bb alignment=\u00a0\u00bbcenter\u00a0\u00bb][\/vc_column][\/vc_row][vc_row full_width=\u00a0\u00bbstretch_row\u00a0\u00bb gap=\u00a0\u00bb10&Prime; equal_height=\u00a0\u00bbyes\u00a0\u00bb css=\u00a0\u00bb.vc_custom_1615480317697{padding-top: 40px !important;background-color: #f7f7f7&#8230;<\/p>\n","protected":false},"author":13,"featured_media":33485,"parent":0,"menu_order":0,"comment_status":"closed","ping_status":"closed","template":"","meta":{"footnotes":""},"class_list":["post-33530","page","type-page","status-publish","has-post-thumbnail"],"_links":{"self":[{"href":"https:\/\/www.euris.com\/fr\/wp-json\/wp\/v2\/pages\/33530","targetHints":{"allow":["GET"]}}],"collection":[{"href":"https:\/\/www.euris.com\/fr\/wp-json\/wp\/v2\/pages"}],"about":[{"href":"https:\/\/www.euris.com\/fr\/wp-json\/wp\/v2\/types\/page"}],"author":[{"embeddable":true,"href":"https:\/\/www.euris.com\/fr\/wp-json\/wp\/v2\/users\/13"}],"replies":[{"embeddable":true,"href":"https:\/\/www.euris.com\/fr\/wp-json\/wp\/v2\/comments?post=33530"}],"version-history":[{"count":3,"href":"https:\/\/www.euris.com\/fr\/wp-json\/wp\/v2\/pages\/33530\/revisions"}],"predecessor-version":[{"id":73615,"href":"https:\/\/www.euris.com\/fr\/wp-json\/wp\/v2\/pages\/33530\/revisions\/73615"}],"wp:featuredmedia":[{"embeddable":true,"href":"https:\/\/www.euris.com\/fr\/wp-json\/wp\/v2\/media\/33485"}],"wp:attachment":[{"href":"https:\/\/www.euris.com\/fr\/wp-json\/wp\/v2\/media?parent=33530"}],"curies":[{"name":"wp","href":"https:\/\/api.w.org\/{rel}","templated":true}]}}