{"id":72505,"date":"2021-01-27T10:19:43","date_gmt":"2021-01-27T09:19:43","guid":{"rendered":"https:\/\/www.euris.com\/?page_id=72505"},"modified":"2021-11-30T17:20:24","modified_gmt":"2021-11-30T16:20:24","slug":"rofim-leader-telemedecine-france-choisit-lexpertise-cloud-sante-hybride-aws","status":"publish","type":"page","link":"https:\/\/www.euris.com\/fr\/clients\/rofim-leader-telemedecine-france-choisit-lexpertise-cloud-sante-hybride-aws\/","title":{"rendered":"Cas Clients Euris &#8211; Rofim"},"content":{"rendered":"<div class=\"wpb-content-wrapper\"><p>[vc_row full_width=\u00a0\u00bbstretch_row\u00a0\u00bb equal_height=\u00a0\u00bbyes\u00a0\u00bb content_placement=\u00a0\u00bbmiddle\u00a0\u00bb el_id=\u00a0\u00bbrow-1&Prime; css=\u00a0\u00bb.vc_custom_1611737662043{padding-top: 120px !important;padding-bottom: 120px !important;background-image: url(https:\/\/www.euris.com\/wp-content\/uploads\/2021\/01\/BG-Clients.jpg?id=72470) !important;background-position: center !important;background-repeat: no-repeat !important;background-size: cover !important;}\u00a0\u00bb][vc_column width=\u00a0\u00bb1\/3&Prime;][vc_single_image image=\u00a0\u00bb82764&Prime; img_size=\u00a0\u00bbfull\u00a0\u00bb alignment=\u00a0\u00bbcenter\u00a0\u00bb][\/vc_column][vc_column width=\u00a0\u00bb2\/3&Prime;][vc_column_text]<\/p>\n<h1><span style=\"color: #ffffff;\"><strong>Rofim choisit Euris Cloud Sant\u00e9\u00ae pour consolider la t\u00e9l\u00e9m\u00e9decine \u00ab\u00a0made in France\u00a0\u00bb<\/strong><\/span><\/h1>\n<p>[\/vc_column_text][\/vc_column][\/vc_row][vc_row full_width=\u00a0\u00bbstretch_row\u00a0\u00bb content_placement=\u00a0\u00bbmiddle\u00a0\u00bb css=\u00a0\u00bb.vc_custom_1611739478274{padding-top: 40px !important;padding-bottom: 60px !important;background-color: #f4f4f4 !important;}\u00a0\u00bb el_id=\u00a0\u00bbrow-2&Prime;][vc_column][vc_column_text]<\/p>\n<h2>Rofim a choisi <a href=\"https:\/\/www.euris.com\/fr\/hebergement-donnees-sante\/cloud-sante-hybride\/cloud-sante-hybride-aws\/\"><span style=\"color: #2e93f0;\"><strong>la solution Cloud Sant\u00e9\u00ae Hybride AWS<\/strong><\/span><\/a> pour le d\u00e9ploiement de sa plateforme s\u00e9curis\u00e9e de t\u00e9l\u00e9m\u00e9decine, destin\u00e9e \u00e0 <span style=\"color: #2e93f0;\"><strong>faciliter l\u2019\u00e9change, le partage et l\u2019entraide<\/strong><\/span> entre les membres de la communaut\u00e9 m\u00e9dicale en france.<\/h2>\n<p>[\/vc_column_text][vc_column_text]La plateforme m\u00e9dicale de <a href=\"https:\/\/www.usine-digitale.fr\/article\/rofim-leve-5-millions-d-euros-pour-sa-plateforme-de-telemedecine.N1148582\">Rofim<\/a> est n\u00e9e pour r\u00e9pondre \u00e0 la demande grandissante des professionnels de sant\u00e9 d\u2019\u00e9changer &amp; partager leur expertise pour am\u00e9liorer la prise en charge de patients complexes, dans un environnement s\u00e9curis\u00e9.<\/p>\n<p>Depuis son arriv\u00e9e en 2018 sur le march\u00e9 digital sant\u00e9, Rofim a comme mission\u00a0l\u2019am\u00e9lioration de la prise en charge du patient tout en facilitant le quotidien des professionnels de sant\u00e9, gr\u00e2ce aux services propos\u00e9s de t\u00e9l\u00e9consultation, de t\u00e9l\u00e9expertise, de R\u00e9union de Concertation Pluridisciplinaire et de messagerie s\u00e9curis\u00e9e instantan\u00e9e.[\/vc_column_text][\/vc_column][\/vc_row][vc_row full_width=\u00a0\u00bbstretch_row\u00a0\u00bb el_id=\u00a0\u00bbrow-2b\u00a0\u00bb css=\u00a0\u00bb.vc_custom_1620117306283{padding-top: 60px !important;padding-bottom: 60px !important;}\u00a0\u00bb][vc_column][vc_column_text]<\/p>\n<h3>Le d\u00e9but d\u2019une collaboration fructueuse<\/h3>\n<p>[\/vc_column_text][vc_column_text]Depuis le d\u00e9marrage de la collaboration en 2019, l\u2019application SaaS est h\u00e9berg\u00e9e par Euris Cloud Sant\u00e9\u00ae via une infrastructure s\u00e9curis\u00e9e et d\u00e9di\u00e9e, int\u00e9grant le catalogue de services AWS. Cette modalit\u00e9 hybride garantit un \u00e9change efficace d\u2019informations, respectueux du caract\u00e8re sp\u00e9cifique et sensible des donn\u00e9es de sant\u00e9.<\/p>\n<p>L\u2019adaptabilit\u00e9 de l\u2019infrastructure d\u2019h\u00e9bergement de donn\u00e9es de sant\u00e9 a \u00e9t\u00e9 un crit\u00e8re cl\u00e9 pour Rofim. L\u2019expansion g\u00e9ographique en cours requiert une architecture flexible, hautement s\u00e9curis\u00e9e et rapidement scalable. Cloud Sant\u00e9\u00ae Hybride AWS r\u00e9pond parfaitement \u00e0 cet enjeu, en fournissant le meilleur des 2 mondes cloud\u00a0: une infrastructure du cloud priv\u00e9 interconnect\u00e9 \u00e0 haut d\u00e9bit avec les ressources de cloud public AWS. Le tout s\u00e9curis\u00e9, agr\u00e9\u00e9 et certifi\u00e9 par Euris Cloud Sant\u00e9\u00ae pour l\u2019ensemble des 6 activit\u00e9s d\u00e9finies par les certifications HDS\u00a0: 2018 et ISO\/IEC 27001\u00a0: 2013.[\/vc_column_text][vc_column_text css=\u00a0\u00bb.vc_custom_1620117518561{margin-top: 40px !important;}\u00a0\u00bb]<\/p>\n<h3>Adaptabilit\u00e9 &amp; qualit\u00e9 de service<\/h3>\n<p>[\/vc_column_text][vc_column_text]Consolid\u00e9e par un r\u00e9seau d\u2019experts qui ne cesse de s\u2019agrandir, Rofim esp\u00e8re devenir la r\u00e9f\u00e9rence en mati\u00e8re de sant\u00e9 digitale en France.<\/p>\n<p>Que ce soit sur ordinateur, tablette ou Smartphone, l\u2019offre Rofim est accessible directement sur <a href=\"https:\/\/www.rofim.doctor\/\">https:\/\/www.rofim.doctor\/<\/a> ou l\u2019application mobile Rofim disponible sur Android et IOS.<\/p>\n<p>Depuis 2019, Rofim est utilis\u00e9e dans plus de 300 \u00e9tablissements en France.[\/vc_column_text][vc_column_text css=\u00a0\u00bb.vc_custom_1620117524148{margin-top: 40px !important;}\u00a0\u00bb]<\/p>\n<h3>Se r\u00e9inventer en p\u00e9riode de crise sanitaire<\/h3>\n<p>[\/vc_column_text][vc_column_text]La t\u00e9l\u00e9consultation sur Rofim a \u00e9t\u00e9 cr\u00e9\u00e9e suite \u00e0 l\u2019\u00e9mergence de la COVID 19\u00a0en r\u00e9ponse \u00e0 un besoin des m\u00e9decins utilisateurs. Il s\u2019agissait concr\u00e8tement de participer \u00e0 l\u2019effort collectif pour endiguer la propagation du Covid, en mettant gratuitement \u00e0 disposition des \u00e9tablissements hospitaliers.<\/p>\n<p>Valeurs de r\u00e9activit\u00e9, d\u2019engagement et de responsabilit\u00e9 citoyennes partag\u00e9es \u00e9galement avec les \u00e9quipes partenaires Cloud Sant\u00e9\u00ae et AWS.[\/vc_column_text][\/vc_column][\/vc_row][vc_row][vc_column][vc_separator color=\u00a0\u00bbcustom\u00a0\u00bb el_width=\u00a0\u00bb70&Prime; accent_color=\u00a0\u00bb#0099ff\u00a0\u00bb][\/vc_column][\/vc_row][vc_row css=\u00a0\u00bb.vc_custom_1611741437290{padding-top: 40px !important;padding-bottom: 40px !important;}\u00a0\u00bb el_id=\u00a0\u00bbrow-3&Prime;][vc_column]<div class=\"centered-box\"><div class=\"gem-icon gem-icon-pack-elegant gem-icon-size-small  gem-icon-shape-circle \"  style=\"margin-bottom: 20px;border-color: #2e93f0;opacity: 1;\"><div class=\"gem-icon-inner\" style=\"\"><span class=\"gem-icon-half-1\" style=\"color: #2e93f0;\"><span class=\"back-angle\">&#xe01b;<\/span><\/span><span class=\"gem-icon-half-2\" style=\"color: #2e93f0;\"><span class=\"back-angle\">&#xe01b;<\/span><\/span><\/div><\/div><\/div>[vc_column_text]<\/p>\n<h2 style=\"text-align: center;\">Interview\u00a0&#8211; Retour sur la collaboration mise en place avec Rofim depuis 2019 avec Emilie Mercadal, CEO de Rofim.<\/h2>\n<p>[\/vc_column_text]<div class=\"gem-icon-with-text gem-icon-with-text-icon-size-small disable-mobile-centered\" ><div style=\"margin-bottom:0px;margin-top:0px; \" class=\"gem-icon-with-text-icon\"><div class=\"gem-icon gem-icon-pack-elegant gem-icon-size-small  gem-icon-shape-square gem-simple-icon \"  style=\"opacity: 1;\"><div class=\"gem-icon-inner\" style=\"\"><span class=\"gem-icon-half-1\" style=\"color: #2e93f0;\"><span class=\"back-angle\">&#x3d;<\/span><\/span><span class=\"gem-icon-half-2\" style=\"color: #2e93f0;\"><span class=\"back-angle\">&#x3d;<\/span><\/span><\/div><\/div><\/div><div class=\"gem-icon-with-text-content\" ><div class=\"gem-icon-with-text-text\">[vc_column_text]<strong><span style=\"color: #2e93f0;\">Parlez-nous en quelques mots de Rofim et de ses activit\u00e9s<\/span><\/strong>[\/vc_column_text]<\/div><\/div><div class=\"clearboth\"><\/div><\/div>[vc_column_text]La solution <a href=\"https:\/\/www.rofim.fr\/\">Rofim<\/a> est le fruit d\u2019un long travail d\u2019observation, d\u2019\u00e9coute et de recherche pour d\u00e9velopper de concert avec les utilisateurs &#8211; l\u2019ensemble du monde m\u00e9dical &#8211; une solution intuitive mat\u00e9rialis\u00e9e par une plateforme de diagnostic collaboratif et de t\u00e9l\u00e9m\u00e9decine sur-mesure.[\/vc_column_text][\/vc_column][\/vc_row][vc_row full_width=\u00a0\u00bbstretch_row\u00a0\u00bb equal_height=\u00a0\u00bbyes\u00a0\u00bb content_placement=\u00a0\u00bbmiddle\u00a0\u00bb el_id=\u00a0\u00bbrow-4&Prime; css=\u00a0\u00bb.vc_custom_1611741637614{background-color: rgba(46,147,240,0.05) !important;*background-color: rgb(46,147,240) !important;}\u00a0\u00bb][vc_column width=\u00a0\u00bb1\/3&Prime;][vc_single_image image=\u00a0\u00bb72508&Prime; img_size=\u00a0\u00bb\u00a0\u00bb alignment=\u00a0\u00bbcenter\u00a0\u00bb][\/vc_column][vc_column width=\u00a0\u00bb2\/3&Prime;][vc_column_text]\u00ab <em>Notre engagement est de r\u00e9duire l\u2019errance diagnostique en facilitant l\u2019\u00e9change entre experts de la communaut\u00e9 m\u00e9dicale. Rofim s\u2019appuie sur des partenaires d\u00e9j\u00e0 largement pl\u00e9biscit\u00e9s, Cloud Sant\u00e9<\/em><strong><em>\u00ae<\/em><\/strong><em> et AWS, pour porter nos innovations digitales au service de nos m\u00e9decins, de nos soignants et de nos patients<\/em> \u00bb d\u00e9clare Emilie MERCADAL, CEO et fondatrice de Rofim.[\/vc_column_text][vc_column_text]<strong><span style=\"color: #2e93f0;\">Emilie MERCADAL<\/span>, CEO et fondatrice de Rofim.<\/strong>[\/vc_column_text][\/vc_column][\/vc_row][vc_row css=\u00a0\u00bb.vc_custom_1611748169310{padding-top: 40px !important;padding-bottom: 40px !important;}\u00a0\u00bb el_id=\u00a0\u00bbrow-5&Prime;][vc_column]<div class=\"gem-icon-with-text gem-icon-with-text-icon-size-small disable-mobile-centered\" ><div style=\"margin-bottom:0px;margin-top:0px; \" class=\"gem-icon-with-text-icon\"><div class=\"gem-icon gem-icon-pack-elegant gem-icon-size-small  gem-icon-shape-square gem-simple-icon \"  style=\"opacity: 1;\"><div class=\"gem-icon-inner\" style=\"\"><span class=\"gem-icon-half-1\" style=\"color: #2e93f0;\"><span class=\"back-angle\">&#x3d;<\/span><\/span><span class=\"gem-icon-half-2\" style=\"color: #2e93f0;\"><span class=\"back-angle\">&#x3d;<\/span><\/span><\/div><\/div><\/div><div class=\"gem-icon-with-text-content\" ><div class=\"gem-icon-with-text-text\">[vc_column_text]<strong><span style=\"color: #2e93f0;\">Pourquoi avoir choisi de travailler avec Euris\u00a0Cloud Sant\u00e9 ?<\/span><\/strong>[\/vc_column_text]<\/div><\/div><div class=\"clearboth\"><\/div><\/div>[vc_column_text]Notre \u00e9quipe IT avait besoin d\u2019identifier un infogereur partenaire d\u2019AWS pour la mise en place de notre plateforme. Apr\u00e8s nos d\u00e9marches de prospection et de rendez-vous avec les diff\u00e9rents fournisseurs identifi\u00e9s, nous avons opt\u00e9 pour Cloud Sant\u00e9\u00ae et l\u2019offre Cloud Hybride mise en place avec AWS.<\/p>\n<p>Ce choix a \u00e9t\u00e9 motiv\u00e9 au premier lieu par rapport au fit qu\u2019on a eu avec l\u2019\u00e9quipe. Le facteur humain est important quand on fait ce genre des choix sur le long terme.<br \/>\nEn deuxi\u00e8me lieu, la conformit\u00e9 avec les cadres r\u00e9glementaires appliqu\u00e9s \u00e0 l\u2019international. Cette couverture globale a confort\u00e9 notre choix.[\/vc_column_text]<div class=\"gem-icon-with-text gem-icon-with-text-icon-size-small disable-mobile-centered\" ><div style=\"margin-bottom:0px;margin-top:0px; \" class=\"gem-icon-with-text-icon\"><div class=\"gem-icon gem-icon-pack-elegant gem-icon-size-small  gem-icon-shape-square gem-simple-icon \"  style=\"opacity: 1;\"><div class=\"gem-icon-inner\" style=\"\"><span class=\"gem-icon-half-1\" style=\"color: #2e93f0;\"><span class=\"back-angle\">&#x3d;<\/span><\/span><span class=\"gem-icon-half-2\" style=\"color: #2e93f0;\"><span class=\"back-angle\">&#x3d;<\/span><\/span><\/div><\/div><\/div><div class=\"gem-icon-with-text-content\" ><div class=\"gem-icon-with-text-text\">[vc_column_text]<strong><span style=\"color: #2e93f0;\">Quels \u00e9taient les principaux challenges que Rofim rencontrait en termes de gestion des donn\u00e9es de sant\u00e9 avant la mise en place de l\u2019infrastructure Cloud Sant\u00e9\u00ae Hybride AWS?<\/span><\/strong>[\/vc_column_text]<\/div><\/div><div class=\"clearboth\"><\/div><\/div>[vc_column_text]Notre communaut\u00e9 m\u00e9dicale \u00e9volue en permanence, nous avons plus de 5000 m\u00e9decins utilisateurs actuellement et l\u2019objectif est \u00e9largir la couverture \u00e0 d\u2019autres territoires. Pour suivre nos ambitions d\u2019expansion, le crit\u00e8re scalabilit\u00e9 devient primordial. L\u2019offre <span style=\"color: #2e93f0;\"><strong>Cloud Sant\u00e9\u00ae Hybride AWS<\/strong><\/span> nous semblait un bon choix, avec une infrastructure s\u00e9curis\u00e9e et flexible qui se adapte \u00e0 notre croissance.[\/vc_column_text]<div class=\"gem-icon-with-text gem-icon-with-text-icon-size-small disable-mobile-centered\" ><div style=\"margin-bottom:0px;margin-top:0px; \" class=\"gem-icon-with-text-icon\"><div class=\"gem-icon gem-icon-pack-elegant gem-icon-size-small  gem-icon-shape-square gem-simple-icon \"  style=\"opacity: 1;\"><div class=\"gem-icon-inner\" style=\"\"><span class=\"gem-icon-half-1\" style=\"color: #2e93f0;\"><span class=\"back-angle\">&#x3d;<\/span><\/span><span class=\"gem-icon-half-2\" style=\"color: #2e93f0;\"><span class=\"back-angle\">&#x3d;<\/span><\/span><\/div><\/div><\/div><div class=\"gem-icon-with-text-content\" ><div class=\"gem-icon-with-text-text\">[vc_column_text]<strong><span style=\"color: #2e93f0;\">Pouvez-vous citer quelques points forts de la solution Cloud Sant\u00e9\u00ae Hybride AWS propos\u00e9e et mise en place\u00a0?<\/span><\/strong>[\/vc_column_text]<\/div><\/div><div class=\"clearboth\"><\/div><\/div>[vc_column_text]La flexibilit\u00e9 de l\u2019infrastructure, la r\u00e9activit\u00e9 de l\u2019\u00e9quipe projet en charge de piloter le d\u00e9ploiement de notre plateforme sant\u00e9 et l\u2019accompagnement propos\u00e9.<\/p>\n<p>En parall\u00e8le au d\u00e9ploiement technique, nous mettons en place des synergies pour promouvoir notre savoir-faire. Nous avons pu, par exemple, partager les r\u00e9ussites de notre plateforme lors du <a href=\"https:\/\/www.euris.com\/fr\/news\/webinar-e-sante-conformite-hds-cloud-hybride-impact-benefices-pour-lindustrie-de-sante\/\">Webinar digital sant\u00e9 organis\u00e9 en partenariat avec AWS<\/a> en novembre dernier.[\/vc_column_text]<div class=\"gem-icon-with-text gem-icon-with-text-icon-size-small disable-mobile-centered\" ><div style=\"margin-bottom:0px;margin-top:0px; \" class=\"gem-icon-with-text-icon\"><div class=\"gem-icon gem-icon-pack-elegant gem-icon-size-small  gem-icon-shape-square gem-simple-icon \"  style=\"opacity: 1;\"><div class=\"gem-icon-inner\" style=\"\"><span class=\"gem-icon-half-1\" style=\"color: #2e93f0;\"><span class=\"back-angle\">&#x3d;<\/span><\/span><span class=\"gem-icon-half-2\" style=\"color: #2e93f0;\"><span class=\"back-angle\">&#x3d;<\/span><\/span><\/div><\/div><\/div><div class=\"gem-icon-with-text-content\" ><div class=\"gem-icon-with-text-text\">[vc_column_text]<strong><span style=\"color: #2e93f0;\">Comment imaginez-vous la suite de notre collaboration\u00a0?<\/span><\/strong>[\/vc_column_text]<\/div><\/div><div class=\"clearboth\"><\/div><\/div>[vc_column_text]Dans la continuit\u00e9. Nous sommes satisfaits de la collaboration \u00e9tablie avec Cloud Sant\u00e9\u00ae et AWS et souhaitons la prolonger dans la transparence et dans l\u2019engagement de toutes les parties impliqu\u00e9es dans notre projet.[\/vc_column_text]<div class=\"gem-icon-with-text gem-icon-with-text-icon-size-small disable-mobile-centered\" ><div style=\"margin-bottom:0px;margin-top:0px; \" class=\"gem-icon-with-text-icon\"><div class=\"gem-icon gem-icon-pack-elegant gem-icon-size-small  gem-icon-shape-square gem-simple-icon \"  style=\"opacity: 1;\"><div class=\"gem-icon-inner\" style=\"\"><span class=\"gem-icon-half-1\" style=\"color: #2e93f0;\"><span class=\"back-angle\">&#x3d;<\/span><\/span><span class=\"gem-icon-half-2\" style=\"color: #2e93f0;\"><span class=\"back-angle\">&#x3d;<\/span><\/span><\/div><\/div><\/div><div class=\"gem-icon-with-text-content\" ><div class=\"gem-icon-with-text-text\">[vc_column_text]<strong><span style=\"color: #2e93f0;\">Si vous deviez r\u00e9sumer les solutions Cloud Sant\u00e9\u00ae en 2 mots-cl\u00e9s, quels seraient-ils ?<\/span><\/strong>[\/vc_column_text]<\/div><\/div><div class=\"clearboth\"><\/div><\/div>[vc_column_text css=\u00a0\u00bb.vc_custom_1611749975909{margin-bottom: 40px !important;}\u00a0\u00bb]S\u00e9curit\u00e9 et proximit\u00e9.[\/vc_column_text]<div class=\"gem-icon-with-text gem-icon-with-text-icon-size-small\" ><div style=\"margin-bottom:0px;margin-top:0px; \" class=\"gem-icon-with-text-icon\"><div class=\"gem-icon gem-icon-pack-elegant gem-icon-size-small  gem-icon-shape-square gem-simple-icon \"  style=\"opacity: 1;\"><div class=\"gem-icon-inner\" style=\"\"><span class=\"gem-icon-half-1\" style=\"color: #2e93f0;\"><span class=\"back-angle\">&#xe058;<\/span><\/span><span class=\"gem-icon-half-2\" style=\"color: #2e93f0;\"><span class=\"back-angle\">&#xe058;<\/span><\/span><\/div><\/div><\/div><div class=\"gem-icon-with-text-content\" ><div class=\"gem-icon-with-text-text\">[vc_column_text]Contenu \u00e9labor\u00e9 par Euris Marketing HQ &#8211; Lourdes Chabrol<\/p>\n<p><strong>Voir le\u00a0communiqu\u00e9 de presse\u00a0dans son int\u00e9gralit\u00e9 <a href=\"https:\/\/www.euris.com\/wp-content\/uploads\/2021\/05\/Communiqu\u00e9_Euris_Cloud_Sant\u00e9_Rofim-_Cloud_Hybride_au_service_T\u00e9l\u00e9m\u00e9decine_France-1.pdf\">ici<\/a><\/strong>[\/vc_column_text]<\/div><\/div><div class=\"clearboth\"><\/div><\/div>[\/vc_column][\/vc_row][vc_row full_width=\u00a0\u00bbstretch_row\u00a0\u00bb equal_height=\u00a0\u00bbyes\u00a0\u00bb content_placement=\u00a0\u00bbmiddle\u00a0\u00bb el_id=\u00a0\u00bbrow-7&Prime; css=\u00a0\u00bb.vc_custom_1611749666667{padding-top: 60px !important;padding-bottom: 60px !important;}\u00a0\u00bb][vc_column width=\u00a0\u00bb1\/3&Prime;][vc_single_image image=\u00a0\u00bb72515&Prime; img_size=\u00a0\u00bbfull\u00a0\u00bb alignment=\u00a0\u00bbcenter\u00a0\u00bb][\/vc_column][vc_column width=\u00a0\u00bb2\/3&Prime;][vc_column_text]<\/p>\n<h2 style=\"text-align: left;\"><span style=\"color: #ffffff;\">D\u00e9couvrez Cloud Sant\u00e9\u00ae Hybride AWS\u00a0: exploiter la puissance de calcul du cloud AWS tout en conservant une infrastructure priv\u00e9e pour vos donn\u00e9es sensibles.<\/span><\/h2>\n<p>[\/vc_column_text][vc_column_text]<\/p>\n<h3><span style=\"color: #ffffff;\">Notre \u00e9quipe vous accompagne dans tous vos projets IT sant\u00e9.<\/span><\/h3>\n<p>[\/vc_column_text]<style type=\"text\/css\">.thegem-button-69f1c1774318b1247 .gem-button svg {fill: #ffffff;}.thegem-button-69f1c1774318b1247 .gem-button:hover svg {fill: #2e93f0;}<\/style><div class=\"gem-button-container gem-button-position-center thegem-button-69f1c1774318b1247    \"  ><a class=\"gem-button gem-button-size-medium gem-button-style-outline gem-button-text-weight-normal gem-button-border-2\" data-ll-effect=\"drop-right-without-wrap\" style=\"border-radius: 0px;border-color: #ffffff;color: #ffffff;\" onmouseleave=\"this.style.borderColor='#ffffff';this.style.backgroundColor='transparent';this.style.color='#ffffff';\" onmouseenter=\"this.style.borderColor='#ffffff';this.style.backgroundColor='#ffffff';this.style.color='#2e93f0';\" href=\"https:\/\/www.euris.com\/fr\/contact\/\" target=\"_self\">J\u2019ai un projet Cloud Hybride<\/a><\/div> [\/vc_column][\/vc_row]<\/p>\n<\/div>","protected":false},"excerpt":{"rendered":"<p>[vc_row full_width=\u00a0\u00bbstretch_row\u00a0\u00bb equal_height=\u00a0\u00bbyes\u00a0\u00bb content_placement=\u00a0\u00bbmiddle\u00a0\u00bb el_id=\u00a0\u00bbrow-1&Prime; css=\u00a0\u00bb.vc_custom_1611737662043{padding-top: 120px !important;padding-bottom: 120px !important;background-image: url(https:\/\/www.euris.com\/wp-content\/uploads\/2021\/01\/BG-Clients.jpg?id=72470) !important;background-position: center !important;background-repeat: no-repeat !important;background-size: cover !important;}\u00a0\u00bb][vc_column width=\u00a0\u00bb1\/3&Prime;][vc_single_image image=\u00a0\u00bb82764&Prime; img_size=\u00a0\u00bbfull\u00a0\u00bb alignment=\u00a0\u00bbcenter\u00a0\u00bb][\/vc_column][vc_column width=\u00a0\u00bb2\/3&Prime;][vc_column_text] Rofim choisit Euris Cloud Sant\u00e9\u00ae pour consolider la t\u00e9l\u00e9m\u00e9decine \u00ab\u00a0made in France\u00a0\u00bb [\/vc_column_text][\/vc_column][\/vc_row][vc_row full_width=\u00a0\u00bbstretch_row\u00a0\u00bb content_placement=\u00a0\u00bbmiddle\u00a0\u00bb css=\u00a0\u00bb.vc_custom_1611739478274{padding-top: 40px !important;padding-bottom: 60px !important;background-color: #f4f4f4 !important;}\u00a0\u00bb el_id=\u00a0\u00bbrow-2&Prime;][vc_column][vc_column_text] Rofim a choisi la solution Cloud Sant\u00e9\u00ae Hybride AWS pour le d\u00e9ploiement de sa plateforme s\u00e9curis\u00e9e de t\u00e9l\u00e9m\u00e9decine, destin\u00e9e \u00e0 faciliter l\u2019\u00e9change, le partage et l\u2019entraide entre les membres de la communaut\u00e9 m\u00e9dicale en france. [\/vc_column_text][vc_column_text]La plateforme m\u00e9dicale de Rofim est n\u00e9e pour r\u00e9pondre \u00e0 la demande grandissante des professionnels de sant\u00e9 d\u2019\u00e9changer &amp; partager leur expertise pour am\u00e9liorer la prise en charge de patients complexes, dans un environnement s\u00e9curis\u00e9. Depuis son arriv\u00e9e en 2018 sur&#8230;<\/p>\n","protected":false},"author":1,"featured_media":82769,"parent":73452,"menu_order":0,"comment_status":"closed","ping_status":"closed","template":"","meta":{"footnotes":""},"class_list":["post-72505","page","type-page","status-publish","has-post-thumbnail"],"_links":{"self":[{"href":"https:\/\/www.euris.com\/fr\/wp-json\/wp\/v2\/pages\/72505","targetHints":{"allow":["GET"]}}],"collection":[{"href":"https:\/\/www.euris.com\/fr\/wp-json\/wp\/v2\/pages"}],"about":[{"href":"https:\/\/www.euris.com\/fr\/wp-json\/wp\/v2\/types\/page"}],"author":[{"embeddable":true,"href":"https:\/\/www.euris.com\/fr\/wp-json\/wp\/v2\/users\/1"}],"replies":[{"embeddable":true,"href":"https:\/\/www.euris.com\/fr\/wp-json\/wp\/v2\/comments?post=72505"}],"version-history":[{"count":3,"href":"https:\/\/www.euris.com\/fr\/wp-json\/wp\/v2\/pages\/72505\/revisions"}],"predecessor-version":[{"id":82785,"href":"https:\/\/www.euris.com\/fr\/wp-json\/wp\/v2\/pages\/72505\/revisions\/82785"}],"up":[{"embeddable":true,"href":"https:\/\/www.euris.com\/fr\/wp-json\/wp\/v2\/pages\/73452"}],"wp:featuredmedia":[{"embeddable":true,"href":"https:\/\/www.euris.com\/fr\/wp-json\/wp\/v2\/media\/82769"}],"wp:attachment":[{"href":"https:\/\/www.euris.com\/fr\/wp-json\/wp\/v2\/media?parent=72505"}],"curies":[{"name":"wp","href":"https:\/\/api.w.org\/{rel}","templated":true}]}}